{"id":286,"date":"2016-10-31T13:17:59","date_gmt":"2016-10-31T16:17:59","guid":{"rendered":"https:\/\/brocherobellville-cba.infd.edu.ar\/sitio\/?page_id=286"},"modified":"2025-09-15T21:32:07","modified_gmt":"2025-09-16T00:32:07","slug":"inicio","status":"publish","type":"page","link":"https:\/\/brocherobellville-cba.infd.edu.ar\/sitio\/","title":{"rendered":"Inicio"},"content":{"rendered":"<div id=\"metaslider-id-403\" style=\"width: 100%;\" class=\"ml-slider-3-33-0 metaslider metaslider-flex metaslider-403 ml-slider ms-theme-default\" role=\"region\" aria-roledescription=\"Slideshow\" aria-label=\"Slideshow\">\n    <div id=\"metaslider_container_403\">\n        <div id=\"metaslider_403\" class=\"flexslider\">\n            <ul aria-live=\"polite\" class=\"slides\">\n                <li style=\"display: block; width: 100%;\" class=\"slide-1520 ms-image\" aria-roledescription=\"slide\" aria-label=\"slide-1520\"><a href=\"https:\/\/brocherobellville-cba.infd.edu.ar\/sitio\/la-noche-de-las-biblioteca-2025\/\" target=\"_self\"><img src=\"https:\/\/brocherobellville-cba.infd.edu.ar\/sitio\/wp-content\/uploads\/2025\/11\/Banner-1780x494.jpg\" height=\"500\" width=\"1800\" alt=\"\" class=\"slider-403 slide-1520\" title=\"Banner\" \/><\/a><div class=\"caption-wrap\"><div class=\"caption\">La Noche de las Bibliotecas 2025<\/div><\/div><\/li>\n                <li style=\"display: none; width: 100%;\" class=\"slide-1531 ms-image\" aria-roledescription=\"slide\" aria-label=\"slide-1531\"><a href=\"https:\/\/brocherobellville-cba.infd.edu.ar\/sitio\/graduadas-2025\/\" target=\"_self\"><img src=\"https:\/\/brocherobellville-cba.infd.edu.ar\/sitio\/wp-content\/uploads\/2025\/12\/Graduadas-2025-1800x500.jpg\" height=\"500\" width=\"1800\" alt=\"\" class=\"slider-403 slide-1531\" title=\"Graduadas 2025\" \/><\/a><div class=\"caption-wrap\"><div class=\"caption\">Nueva Promoci\u00f3n de estudiantes<\/div><\/div><\/li>\n                <li style=\"display: none; width: 100%;\" class=\"slide-1558 ms-image\" aria-roledescription=\"slide\" aria-label=\"slide-1558\"><a href=\"https:\/\/brocherobellville-cba.infd.edu.ar\/sitio\/nos-visita-andrea-alliaud\/\" target=\"_self\"><img src=\"https:\/\/brocherobellville-cba.infd.edu.ar\/sitio\/wp-content\/uploads\/2025\/04\/banner-Alliaud.jpg\" height=\"500\" width=\"1800\" alt=\"\" class=\"slider-403 slide-1558\" title=\"banner Alliaud\" \/><\/a><div class=\"caption-wrap\"><div class=\"caption\">Visita de la Dra. Andrea Alliaud<\/div><\/div><\/li>\n            <\/ul>\n        <\/div>\n        \n    <\/div>\n<\/div>\n<style>.wp-show-posts-columns#wpsp-383 {margin-left: -2em; }.wp-show-posts-columns#wpsp-383 .wp-show-posts-inner {margin: 0 0 2em 2em; }<\/style><section id=\"wpsp-383\" class=\" wp-show-posts-columns wp-show-posts\" style=\"\"><article class=\" wp-show-posts-single post-1587 post type-post status-publish format-standard hentry category-eventos wpsp-col-4\" itemtype=\"http:\/\/schema.org\/CreativeWork\" itemscope><div class=\"wp-show-posts-inner\" style=\"\">\t\t\t\t\t\t<header class=\"wp-show-posts-entry-header\">\n\t\t\t\t\t\t\t<h2 class=\"wp-show-posts-entry-title\" itemprop=\"headline\"><a href=\"https:\/\/brocherobellville-cba.infd.edu.ar\/sitio\/inicia-el-seminario-de-ingreso-2026\/\" rel=\"bookmark\">Inicia el Seminario de Ingreso 2026<\/a><\/h2>\t\t\t\t\t\t<\/header><!-- .entry-header -->\n\t\t\t\t\t\t\t\t\t\t\t<div class=\"wp-show-posts-entry-summary\" itemprop=\"text\">\n\t\t\t\t\t\t\t<p>El Seminario de Ingreso 2026\u00a0es la puerta de entrada a la carrera que elegiste cursar. Tiene car\u00e1cter introductorio y nivelatorio. Se realiza de modo combinado, es decir, con actividades presenciales,&#8230;<\/p>\n\t\t\t\t\t\t<\/div><!-- .entry-summary -->\n\t\t\t\t\t<\/div><!-- wp-show-posts-inner --><\/article><article class=\" wp-show-posts-single post-1528 post type-post status-publish format-standard hentry category-eventos wpsp-col-4\" itemtype=\"http:\/\/schema.org\/CreativeWork\" itemscope><div class=\"wp-show-posts-inner\" style=\"\">\t\t\t\t\t\t<header class=\"wp-show-posts-entry-header\">\n\t\t\t\t\t\t\t<h2 class=\"wp-show-posts-entry-title\" itemprop=\"headline\"><a href=\"https:\/\/brocherobellville-cba.infd.edu.ar\/sitio\/graduadas-2025\/\" rel=\"bookmark\">Nuevas estudiantes que egresan<\/a><\/h2>\t\t\t\t\t\t<\/header><!-- .entry-header -->\n\t\t\t\t\t\t\t\t\t\t\t<div class=\"wp-show-posts-entry-summary\" itemprop=\"text\">\n\t\t\t\t\t\t\t<p>Saludamos y felicitamos a las Profesoras Naiqu\u00e9n Asc\u00faa, Gabriela Mart\u00ednez, Magal\u00ed Mart\u00ednez, Antonella Mercado, Rita Merlo, Paola Oitana, Candela Ovando, Violeta Pellegrino, Micaela Rosales, Bel\u00e9n Ruiz y Lourdes Valdivia. Son&#8230;<\/p>\n\t\t\t\t\t\t<\/div><!-- .entry-summary -->\n\t\t\t\t\t<\/div><!-- wp-show-posts-inner --><\/article><article class=\" wp-show-posts-single post-1515 post type-post status-publish format-standard hentry category-eventos category-sin-categoria wpsp-col-4\" itemtype=\"http:\/\/schema.org\/CreativeWork\" itemscope><div class=\"wp-show-posts-inner\" style=\"\">\t\t\t\t\t\t<header class=\"wp-show-posts-entry-header\">\n\t\t\t\t\t\t\t<h2 class=\"wp-show-posts-entry-title\" itemprop=\"headline\"><a href=\"https:\/\/brocherobellville-cba.infd.edu.ar\/sitio\/la-noche-de-las-biblioteca-2025\/\" rel=\"bookmark\">La Noche de las Biblioteca 2025<\/a><\/h2>\t\t\t\t\t\t<\/header><!-- .entry-header -->\n\t\t\t\t\t\t\t\t\t\t\t<div class=\"wp-show-posts-entry-summary\" itemprop=\"text\">\n\t\t\t\t\t\t\t<p>El viernes 31 de octubre, realizamos una nueva jornada de puertas abiertas que celebr\u00f3 el libro, como objeto cultural privilegiado de la Biblioteca escolar, el cual nutre cotidianamente las pr\u00e1cticas&#8230;<\/p>\n\t\t\t\t\t\t<\/div><!-- .entry-summary -->\n\t\t\t\t\t<\/div><!-- wp-show-posts-inner --><\/article><div class=\"wpsp-clear\"><\/div><\/section><!-- .wp-show-posts -->\n","protected":false},"excerpt":{"rendered":"","protected":false},"author":10,"featured_media":0,"parent":0,"menu_order":0,"comment_status":"closed","ping_status":"closed","template":"","meta":[],"acf":[],"_links":{"self":[{"href":"https:\/\/brocherobellville-cba.infd.edu.ar\/sitio\/wp-json\/wp\/v2\/pages\/286"}],"collection":[{"href":"https:\/\/brocherobellville-cba.infd.edu.ar\/sitio\/wp-json\/wp\/v2\/pages"}],"about":[{"href":"https:\/\/brocherobellville-cba.infd.edu.ar\/sitio\/wp-json\/wp\/v2\/types\/page"}],"author":[{"embeddable":true,"href":"https:\/\/brocherobellville-cba.infd.edu.ar\/sitio\/wp-json\/wp\/v2\/users\/10"}],"replies":[{"embeddable":true,"href":"https:\/\/brocherobellville-cba.infd.edu.ar\/sitio\/wp-json\/wp\/v2\/comments?post=286"}],"version-history":[{"count":135,"href":"https:\/\/brocherobellville-cba.infd.edu.ar\/sitio\/wp-json\/wp\/v2\/pages\/286\/revisions"}],"predecessor-version":[{"id":1510,"href":"https:\/\/brocherobellville-cba.infd.edu.ar\/sitio\/wp-json\/wp\/v2\/pages\/286\/revisions\/1510"}],"wp:attachment":[{"href":"https:\/\/brocherobellville-cba.infd.edu.ar\/sitio\/wp-json\/wp\/v2\/media?parent=286"}],"curies":[{"name":"wp","href":"https:\/\/api.w.org\/{rel}","templated":true}]}}